{"id":3037,"date":"2022-02-19T09:59:44","date_gmt":"2022-02-19T08:59:44","guid":{"rendered":"https:\/\/aux2lacs54.fr\/verpflegung\/"},"modified":"2023-12-03T18:08:19","modified_gmt":"2023-12-03T17:08:19","slug":"verpflegung","status":"publish","type":"page","link":"https:\/\/aux2lacs54.fr\/de\/verpflegung\/","title":{"rendered":"Wo man essen kann &#8211; Kunsthandwerk"},"content":{"rendered":"<div class=\"fusion-fullwidth fullwidth-box fusion-builder-row-1 fusion-flex-container nonhundred-percent-fullwidth non-hundred-percent-height-scrolling\" style=\"--awb-border-radius-top-left:0px;--awb-border-radius-top-right:0px;--awb-border-radius-bottom-right:0px;--awb-border-radius-bottom-left:0px;--awb-flex-wrap:wrap;\" ><div class=\"fusion-builder-row fusion-row fusion-flex-align-items-flex-start fusion-flex-content-wrap\" style=\"max-width:1216.8px;margin-left: calc(-4% \/ 2 );margin-right: calc(-4% \/ 2 );\"><div class=\"fusion-layout-column fusion_builder_column fusion-builder-column-0 fusion_builder_column_1_2 1_2 fusion-flex-column\" style=\"--awb-bg-size:cover;--awb-width-large:50%;--awb-margin-top-large:0px;--awb-spacing-right-large:3.84%;--awb-margin-bottom-large:20px;--awb-spacing-left-large:3.84%;--awb-width-medium:100%;--awb-order-medium:0;--awb-spacing-right-medium:1.92%;--awb-spacing-left-medium:1.92%;--awb-width-small:100%;--awb-order-small:0;--awb-spacing-right-small:1.92%;--awb-spacing-left-small:1.92%;\"><div class=\"fusion-column-wrapper fusion-column-has-shadow fusion-flex-justify-content-flex-start fusion-content-layout-column\"><div class=\"fusion-text fusion-text-1\" style=\"--awb-text-transform:none;\"><h3 class=\"fusion-responsive-typography-calculated\" style=\"--fontsize: 24; line-height: 1.67;\" data-fontsize=\"24\" data-lineheight=\"40.0833px\"><em>RESTAURANTS <\/em><span style=\"color: #ff0000;\"><br \/>\n  <em>(Angaben unter Vorbehalt, Reservierung empfohlen)<\/em><br \/>\n<\/span><\/h3>\n<p><em><strong><u>In Pierre-Perc\u00e9e <\/u><\/strong><\/em><em><br \/>\n<\/em><\/p>\n<article><\/article>\n<p><em><strong><a href=\"https:\/\/legrillpierrepercee.wixsite.com\/legrill-pierrepercee\"><span style=\"color: #3366ff;\">Der GRILL<\/span> <\/a>03 83 42 24 31  <\/strong><\/em><br \/>\n<i>Franz\u00f6sische K\u00fcche, Pizzeria. <span style=\"color: #000000;\">Montag und Dienstag mittags ge\u00f6ffnet, dann von Donnerstag bis Sonntag<\/span>. Terrasse je nach Wetterlage. (Eis)<br \/>\n<\/i><\/p>\n<p><em><strong><a class=\"fDefault\" style=\"color: #3366ff;\" href=\"https:\/\/restaurant-les-2-gros-pierre-percee.eatbu.com\/?lang=fr\" target=\"_blank\" rel=\"noopener\"><br \/>\n  <span style=\"color: #3366ff;\">Die 2 GROS<\/span><br \/>\n<\/a> 03 83 42 94 75 (j\u00e4hrliche Schlie\u00dfung Wiederer\u00f6ffnung 8. M\u00e4rz 2024)<br \/>\n<\/strong><\/em><i>Franz\u00f6sische K\u00fcche, Flammkuchen im Sommer. Ge\u00f6ffnet von Dienstagmittag bis Sonntagabend. Donnerstagabend geschlossen<\/i>.<i> Terrasse je nach Wetterlage (Cr\u00eapes, Waffeln, Eis, Dessert)<\/i><\/p>\n<p><b><br \/>\n  <i>Le CHALET <\/i><br \/>\n<\/b>03 83 42 03 52 \/ 07 83 10 69 87 Franz\u00f6sische K\u00fcche. Ge\u00f6ffnet von Freitagmittag bis Dienstagabend<\/p>\n<p><em><strong><u>In Celles sur Plaine &#8211; 5 km<br \/>\n<\/u><\/strong><\/em><\/p>\n<p><em><strong><span style=\"color: #3366ff;\"><br \/>\n  <a href=\"https:\/\/www.hotel-des-lacs.fr\/restaurant-vosges-alsace-lorraine-celles-sur-plaine\"><br \/>\n    <span style=\"color: #3366ff;\">H. Resto Des Lacs<\/span><br \/>\n  <\/a><br \/>\n<\/span> 03 29 41 17 06  <\/strong><\/em><br \/>\n<em>Franz\u00f6sische K\u00fcche. <\/em><em>Ge\u00f6ffnet von Mittwoch bis <\/em><em>Sonntag mittags<br \/>\n<\/em><\/p>\n<p><em><strong><u>In Badonviller &#8211; 7 km<\/u><\/strong><\/em><\/p>\n<p><em><strong><a class=\"fDefault\" style=\"color: #3366ff;\" href=\"https:\/\/www.facebook.com\/profile.php?id=100037903762148\" target=\"_blank\" rel=\"noopener\">Aux vieux Cin\u00e9<\/a><span class=\"x193iq5w xeuugli x13faqbe x1vvkbs x1xmvt09 x1lliihq x1s928wv xhkezso x1gmr53x x1cpjm7i x1fgarty x1943h6x xudqn12 x3x7a5m x6prxxf xvq8zen xo1l8bm xzsf02u x1yc453h\" dir=\"auto\">03 55 87 28 85<\/span><\/strong><\/em><br \/>\n<em>Franz\u00f6sische K\u00fcche. mittags von Dienstag bis Sonntag (und freitags und samstags<\/em><em> Abende).<\/em><\/p>\n<p><em><strong><u>In Raon l&#8217;\u00e9tape &#8211; 13 km<br \/>\n<\/u><\/strong><\/em><\/p>\n<p><em><strong><span style=\"color: #3366ff;\"><a class=\"fDefault\" style=\"color: #3366ff;\" href=\"https:\/\/fr.restaurantguru.com\/L-Air-de-Rien-Raon-lEtape\" target=\"_blank\" rel=\"noopener\">L&#8217;Air de Rien (Luft von Nichts)<\/a> <\/span> 09 83 75 18 00  <\/strong><\/em><br \/>\n<em>Franz\u00f6sische K\u00fcche. Ge\u00f6ffnet von <\/em><em>Dienstagabend bis Sonntagmittag.<\/em><\/p>\n<p><em><strong><a class=\"fDefault\" style=\"color: #3366ff;\" href=\"https:\/\/restaurant-bouche-oreille.com\/\" target=\"_blank\" rel=\"noopener\">Mund zu Ohr<\/a> <span class=\"LrzXr zdqRlf kno-fv\"><br \/>\n  <span aria-label=\"Appeler le 03 29 41 51 34\">03 29 41 51 34<\/span><br \/>\n<\/span><\/strong><\/em><br \/>\n<em>Franz\u00f6sische K\u00fcche. Mittags ge\u00f6ffnet Montag, Dienstag und von Donnerstag bis Sonntag. <\/em><em>Sonntagmittag.<\/em><\/p>\n<p><strong>Andere :<\/strong><\/p>\n<p><strong>Au col du DONON Grandfontaine <a href=\"https:\/\/www.donon.fr\/\"><span style=\"color: #3366ff;\">LE VELLEDA<\/span> 20 <\/a>km <\/strong>03 88 97 20 69 Gastronomisch T\u00e4glich ge\u00f6ffnet<\/p>\n<div class=\"wDYxhc\" data-attrid=\"kc:\/location\/location:address\" data-md=\"1002\" data-hveid=\"CBYQAA\" data-ved=\"2ahUKEwix1v-8rPOCAxVRAfsDHT13C7YQkCl6BAgWEAA\">\n<div class=\"Z1hOCe\">\n<div class=\"zloOqf lew4sc PZPZlf\" data-dtype=\"d3ifr\" data-local-attribute=\"d3adr\" data-mid=\"\/g\/1thqfpmm\" data-ved=\"2ahUKEwix1v-8rPOCAxVRAfsDHT13C7YQghwoAHoECBYQAQ\"><span class=\"LrzXr\"><strong>In Raon-sur-Plaine<\/strong> <strong><a href=\"https:\/\/restaudelaposte.fr\/\">Rest. der POST<\/a><\/strong>  Famili\u00e4r <strong>16 km<\/strong><\/span> <span class=\"LrzXr zdqRlf kno-fv\"><a href=\"https:\/\/www.google.com\/search?client=firefox-b-d&amp;q=hotel+restaurant+de+la+poste+raon+sur+plaine#\" data-dtype=\"d3ph\" data-local-attribute=\"d3ph\" data-ved=\"2ahUKEwix1v-8rPOCAxVRAfsDHT13C7YQkAgoAHoECBkQAg\"><span aria-label=\"Appeler le 03 29 41 16 89\">03 29 41 16 89<\/span><\/a><\/span><\/div>\n<\/div>\n<\/div>\n<p>In Senones 26 km <em><br \/>\n  <strong><br \/>\n    <a class=\"fDefault\" style=\"color: #3366ff;\" href=\"https:\/\/www.facebook.com\/Auberge-de-la-maix-284724852227588\" target=\"_blank\" rel=\"noopener\">Au bon g\u00eete<\/a><br \/>\n  <\/strong><br \/>\n<\/em> <span class=\"LrzXr zdqRlf kno-fv\"><br \/>\n  <span aria-label=\"Appeler le 03 29 57 92 46\">03 29 57 92 46<\/span><br \/>\n<\/span><\/p>\n<\/div><div class=\"fusion-text fusion-text-2\" style=\"--awb-text-transform:none;\"><h3 class=\"fusion-responsive-typography-calculated\" style=\"--fontsize: 24; line-height: 1.67;\" data-fontsize=\"24\" data-lineheight=\"40.0833px\"><em>B\u00c4CKEREIEN-SUPERM\u00c4RKTE<\/em><\/h3>\n<ul>\n<li>Celles sur Plaines 4 km: B\u00e4ckerei &amp; Proxy<\/li>\n<li>Badonviller 7 km: Supermarkt Casino, alle Gesch\u00e4fte<\/li>\n<li>Raon-l&#8217;Etape 13 km: Hypermarch\u00e9 Leclerc, Supermarch\u00e9 Norma, alle Gesch\u00e4fte<\/li>\n<\/ul>\n<\/div><\/div><\/div><div class=\"fusion-layout-column fusion_builder_column fusion-builder-column-1 fusion_builder_column_1_2 1_2 fusion-flex-column\" style=\"--awb-bg-size:cover;--awb-width-large:50%;--awb-margin-top-large:0px;--awb-spacing-right-large:3.84%;--awb-margin-bottom-large:20px;--awb-spacing-left-large:3.84%;--awb-width-medium:100%;--awb-order-medium:0;--awb-spacing-right-medium:1.92%;--awb-spacing-left-medium:1.92%;--awb-width-small:100%;--awb-order-small:0;--awb-spacing-right-small:1.92%;--awb-spacing-left-small:1.92%;\"><div class=\"fusion-column-wrapper fusion-column-has-shadow fusion-flex-justify-content-flex-start fusion-content-layout-column\"><div class=\"fusion-text fusion-text-3\" style=\"--awb-text-transform:none;\"><h3 class=\"fusion-responsive-typography-calculated\" style=\"--fontsize: 24; line-height: 1.67;\" data-fontsize=\"24\" data-lineheight=\"40.0833px\"><em>MARKEN <strong>(unter Vorbehalt)<\/strong><br \/>\n<\/em><\/h3>\n<ul>\n<li><span style=\"color: #000000;\">Pierre-Perc\u00e9e jeden Freitagabend von 17:30 bis 21:30 Uhr ( Juni-August)<br \/>\n<\/span><\/li>\n<li>Badonviller 10 min am Sonntagmorgen, Marktplatz<\/li>\n<li>Raon-l&#8217;\u00c9tape, 15min entfernt, ganzj\u00e4hrig samstags von 7 bis 12 Uhr, Stadtzentrum<\/li>\n<li><span style=\"color: #000000;\"><a style=\"color: #000000;\" href=\"https:\/\/www.jours-de-marche.fr\/marche\/88480-etival-clairefontaine\/4100\/\" rel=\"nofollow\">\u00c9tival-Clairefontaine<\/a>20 min entfernt, mittwochs, von 8 bis 12 Uhr, Place Abbatiale<\/span><\/li>\n<li><span style=\"color: #000000;\">Moyenmoutier 20 Min. entfernt, sonntags, 9-13 Uhr Les Jardins de l&#8217;Abbaye (Die G\u00e4rten der Abtei)<\/span><\/li>\n<li><span style=\"color: #000000;\">Baccarat 25 min, freitags, von 8 bis 13 Uhr <\/span><\/li>\n<li><span style=\"color: #000000;\">Senones 20 min, montags, freitags, von 8 bis 12 Uhr Place Cl\u00e9menceau<br \/>\n<\/span><\/li>\n<\/ul>\n<\/div><div class=\"fusion-image-element \" style=\"text-align:center;--awb-caption-title-font-family:var(--h2_typography-font-family);--awb-caption-title-font-weight:var(--h2_typography-font-weight);--awb-caption-title-font-style:var(--h2_typography-font-style);--awb-caption-title-size:var(--h2_typography-font-size);--awb-caption-title-transform:var(--h2_typography-text-transform);--awb-caption-title-line-height:var(--h2_typography-line-height);--awb-caption-title-letter-spacing:var(--h2_typography-letter-spacing);\"><span class=\" fusion-imageframe imageframe-none imageframe-1 hover-type-none\"><img decoding=\"async\" width=\"150\" height=\"150\" title=\"march\u00e9 Pierre-perc\u00e9e\" src=\"data:image\/svg+xml,%3Csvg%20xmlns%3D%27http%3A%2F%2Fwww.w3.org%2F2000%2Fsvg%27%20width%3D%271454%27%20height%3D%272048%27%20viewBox%3D%270%200%201454%202048%27%3E%3Crect%20width%3D%271454%27%20height%3D%272048%27%20fill-opacity%3D%220%22%2F%3E%3C%2Fsvg%3E\" data-orig-src=\"https:\/\/aux2lacs54.fr\/wp-content\/uploads\/2022\/05\/marche-150x150.jpg\" alt class=\"lazyload img-responsive wp-image-2973\"\/><\/span><\/div><div class=\"fusion-text fusion-text-4\" style=\"--awb-text-transform:none;\"><h3 class=\"fusion-responsive-typography-calculated\" style=\"--fontsize: 24; line-height: 1.67;\" data-fontsize=\"24\" data-lineheight=\"40.0833px\"><em>ARTISANAT<\/em><\/h3>\n<ul>\n<li><strong><br \/>\n  <a style=\"color: #3366ff;\" href=\"https:\/\/www.bijoux-depierre.fr\/\" target=\"_blank\" rel=\"noopener noreferrer\">Atelier Depierre<\/a><br \/>\n<\/strong> Route du Donon in Vexaincourt (15 Minuten mit dem Auto) Sammlung von \u00fcber 800 Mineralien, Schmuck und Fossilien<\/li>\n<li><strong><br \/>\n  <a style=\"color: #3366ff;\" href=\"https:\/\/www.bijoux-depierre.fr\/\" target=\"_blank\" rel=\"noopener noreferrer\">Seifenfabrik &#8211; Brauerei &#8211; Atelier Marie C<\/a><br \/>\n<\/strong> Grande rue in Luvigny (15 Minuten mit dem Auto)<\/li>\n<li><a href=\"https:\/\/lamaisonduvannier.com\/\"><strong style=\"color: #3366ff;\">Maison du Vannier (Haus des Korbmachers)<\/strong> <\/a>in Raon les Leau (20 Minuten mit dem Auto zum Col du Donon)<\/li>\n<li><a href=\"https:\/\/www.paysdeslacs.com\/\"><strong style=\"color: #3366ff;\">Brauerei des Pays des Lacs<\/strong> <\/a>1 Lieu-dit Lajus in Celles sur Plaine &#8211; handwerklich hergestellte Biere und Limonaden<\/li>\n<li><a href=\"https:\/\/www.facebook.com\/Boutique-des-artisans-Raon-lEtape-108280067772120\/\"><strong style=\"color: #3366ff;\">Boutique des Artisans (Laden der Handwerker)<\/strong> <\/a>30 rue Jules Ferry in Raon l&#8217;Etape<\/li>\n<li><strong><a style=\"color: #3366ff;\" href=\"https:\/\/fromageriedulac.fr\/\" target=\"_blank\" rel=\"noopener noreferrer\">Fromagerie du Lac (K\u00e4serei)<\/a> <\/strong>40 Grande rue in Fenneviller<\/li>\n<li><strong><a href=\"https:\/\/miels-et-saveurs.fr\/\" target=\"_blank\" rel=\"noopener noreferrer\"><span style=\"color: #3366ff;\">Gaec Miel &amp; Saveurs<\/span> <\/a> <\/strong>1 La M\u00e9nelle in Pierre-Perc\u00e9e bas<\/li>\n<li><strong style=\"color: #3366ff;\">Ferme de der Pierre \u00e0 Cheval <\/strong>K\u00e4serei <span class=\"LrzXr\">24 Die Colins, 54540 Bionville<\/span> <span class=\"LrzXr zdqRlf kno-fv\"><span aria-label=\"Appeler le 06 03 78 09 30\">06 03 78 09 30<\/span><\/span><\/li>\n<\/ul>\n<\/div><\/div><\/div><\/div><\/div>\n","protected":false},"excerpt":{"rendered":"","protected":false},"author":1,"featured_media":0,"parent":0,"menu_order":0,"comment_status":"closed","ping_status":"closed","template":"","meta":{"footnotes":""},"class_list":["post-3037","page","type-page","status-publish","hentry"],"yoast_head":"<!-- This site is optimized with the Yoast SEO plugin v27.4 - https:\/\/yoast.com\/product\/yoast-seo-wordpress\/ -->\n<title>Wo man essen kann - Kunsthandwerk - AUX 2 LACS<\/title>\n<meta name=\"robots\" content=\"index, follow, max-snippet:-1, max-image-preview:large, max-video-preview:-1\" \/>\n<link rel=\"canonical\" href=\"https:\/\/aux2lacs54.fr\/de\/verpflegung\/\" \/>\n<meta property=\"og:locale\" content=\"de_DE\" \/>\n<meta property=\"og:type\" content=\"article\" \/>\n<meta property=\"og:title\" content=\"Wo man essen kann - Kunsthandwerk - AUX 2 LACS\" \/>\n<meta property=\"og:url\" content=\"https:\/\/aux2lacs54.fr\/de\/verpflegung\/\" \/>\n<meta property=\"og:site_name\" content=\"AUX 2 LACS\" \/>\n<meta property=\"article:publisher\" content=\"https:\/\/www.facebook.com\/aux2lacs54\/\" \/>\n<meta property=\"article:modified_time\" content=\"2023-12-03T17:08:19+00:00\" \/>\n<meta name=\"twitter:card\" content=\"summary_large_image\" \/>\n<meta name=\"twitter:label1\" content=\"Gesch\u00e4tzte Lesezeit\" \/>\n\t<meta name=\"twitter:data1\" content=\"6\u00a0Minuten\" \/>\n<script type=\"application\/ld+json\" class=\"yoast-schema-graph\">{\"@context\":\"https:\\\/\\\/schema.org\",\"@graph\":[{\"@type\":\"WebPage\",\"@id\":\"https:\\\/\\\/aux2lacs54.fr\\\/de\\\/verpflegung\\\/\",\"url\":\"https:\\\/\\\/aux2lacs54.fr\\\/de\\\/verpflegung\\\/\",\"name\":\"Wo man essen kann - Kunsthandwerk - AUX 2 LACS\",\"isPartOf\":{\"@id\":\"https:\\\/\\\/aux2lacs54.fr\\\/de\\\/#website\"},\"datePublished\":\"2022-02-19T08:59:44+00:00\",\"dateModified\":\"2023-12-03T17:08:19+00:00\",\"breadcrumb\":{\"@id\":\"https:\\\/\\\/aux2lacs54.fr\\\/de\\\/verpflegung\\\/#breadcrumb\"},\"inLanguage\":\"de\",\"potentialAction\":[{\"@type\":\"ReadAction\",\"target\":[\"https:\\\/\\\/aux2lacs54.fr\\\/de\\\/verpflegung\\\/\"]}]},{\"@type\":\"BreadcrumbList\",\"@id\":\"https:\\\/\\\/aux2lacs54.fr\\\/de\\\/verpflegung\\\/#breadcrumb\",\"itemListElement\":[{\"@type\":\"ListItem\",\"position\":1,\"name\":\"Accueil\",\"item\":\"https:\\\/\\\/aux2lacs54.fr\\\/de\\\/\"},{\"@type\":\"ListItem\",\"position\":2,\"name\":\"Wo man essen kann &#8211; Kunsthandwerk\"}]},{\"@type\":\"WebSite\",\"@id\":\"https:\\\/\\\/aux2lacs54.fr\\\/de\\\/#website\",\"url\":\"https:\\\/\\\/aux2lacs54.fr\\\/de\\\/\",\"name\":\"AUX 2 LACS\",\"description\":\"Chambres d&#039;H\u00f4tes, Location de G\u00eete, Piscine, Vosges, Meurthe-et-Moselle\",\"publisher\":{\"@id\":\"https:\\\/\\\/aux2lacs54.fr\\\/de\\\/#organization\"},\"potentialAction\":[{\"@type\":\"SearchAction\",\"target\":{\"@type\":\"EntryPoint\",\"urlTemplate\":\"https:\\\/\\\/aux2lacs54.fr\\\/de\\\/?s={search_term_string}\"},\"query-input\":{\"@type\":\"PropertyValueSpecification\",\"valueRequired\":true,\"valueName\":\"search_term_string\"}}],\"inLanguage\":\"de\"},{\"@type\":\"Organization\",\"@id\":\"https:\\\/\\\/aux2lacs54.fr\\\/de\\\/#organization\",\"name\":\"Aux 2 lacs 54\",\"url\":\"https:\\\/\\\/aux2lacs54.fr\\\/de\\\/\",\"logo\":{\"@type\":\"ImageObject\",\"inLanguage\":\"de\",\"@id\":\"https:\\\/\\\/aux2lacs54.fr\\\/de\\\/#\\\/schema\\\/logo\\\/image\\\/\",\"url\":\"https:\\\/\\\/aux2lacs54.fr\\\/wp-content\\\/uploads\\\/2022\\\/02\\\/Aux-2-lacs-HD.png\",\"contentUrl\":\"https:\\\/\\\/aux2lacs54.fr\\\/wp-content\\\/uploads\\\/2022\\\/02\\\/Aux-2-lacs-HD.png\",\"width\":4000,\"height\":3986,\"caption\":\"Aux 2 lacs 54\"},\"image\":{\"@id\":\"https:\\\/\\\/aux2lacs54.fr\\\/de\\\/#\\\/schema\\\/logo\\\/image\\\/\"},\"sameAs\":[\"https:\\\/\\\/www.facebook.com\\\/aux2lacs54\\\/\",\"https:\\\/\\\/www.youtube.com\\\/channel\\\/UCuk_gN6mwJiDxWt1EqBisAw\\\/videos\"]}]}<\/script>\n<!-- \/ Yoast SEO plugin. -->","yoast_head_json":{"title":"Wo man essen kann - Kunsthandwerk - AUX 2 LACS","robots":{"index":"index","follow":"follow","max-snippet":"max-snippet:-1","max-image-preview":"max-image-preview:large","max-video-preview":"max-video-preview:-1"},"canonical":"https:\/\/aux2lacs54.fr\/de\/verpflegung\/","og_locale":"de_DE","og_type":"article","og_title":"Wo man essen kann - Kunsthandwerk - AUX 2 LACS","og_url":"https:\/\/aux2lacs54.fr\/de\/verpflegung\/","og_site_name":"AUX 2 LACS","article_publisher":"https:\/\/www.facebook.com\/aux2lacs54\/","article_modified_time":"2023-12-03T17:08:19+00:00","twitter_card":"summary_large_image","twitter_misc":{"Gesch\u00e4tzte Lesezeit":"6\u00a0Minuten"},"schema":{"@context":"https:\/\/schema.org","@graph":[{"@type":"WebPage","@id":"https:\/\/aux2lacs54.fr\/de\/verpflegung\/","url":"https:\/\/aux2lacs54.fr\/de\/verpflegung\/","name":"Wo man essen kann - Kunsthandwerk - AUX 2 LACS","isPartOf":{"@id":"https:\/\/aux2lacs54.fr\/de\/#website"},"datePublished":"2022-02-19T08:59:44+00:00","dateModified":"2023-12-03T17:08:19+00:00","breadcrumb":{"@id":"https:\/\/aux2lacs54.fr\/de\/verpflegung\/#breadcrumb"},"inLanguage":"de","potentialAction":[{"@type":"ReadAction","target":["https:\/\/aux2lacs54.fr\/de\/verpflegung\/"]}]},{"@type":"BreadcrumbList","@id":"https:\/\/aux2lacs54.fr\/de\/verpflegung\/#breadcrumb","itemListElement":[{"@type":"ListItem","position":1,"name":"Accueil","item":"https:\/\/aux2lacs54.fr\/de\/"},{"@type":"ListItem","position":2,"name":"Wo man essen kann &#8211; Kunsthandwerk"}]},{"@type":"WebSite","@id":"https:\/\/aux2lacs54.fr\/de\/#website","url":"https:\/\/aux2lacs54.fr\/de\/","name":"AUX 2 LACS","description":"Chambres d&#039;H\u00f4tes, Location de G\u00eete, Piscine, Vosges, Meurthe-et-Moselle","publisher":{"@id":"https:\/\/aux2lacs54.fr\/de\/#organization"},"potentialAction":[{"@type":"SearchAction","target":{"@type":"EntryPoint","urlTemplate":"https:\/\/aux2lacs54.fr\/de\/?s={search_term_string}"},"query-input":{"@type":"PropertyValueSpecification","valueRequired":true,"valueName":"search_term_string"}}],"inLanguage":"de"},{"@type":"Organization","@id":"https:\/\/aux2lacs54.fr\/de\/#organization","name":"Aux 2 lacs 54","url":"https:\/\/aux2lacs54.fr\/de\/","logo":{"@type":"ImageObject","inLanguage":"de","@id":"https:\/\/aux2lacs54.fr\/de\/#\/schema\/logo\/image\/","url":"https:\/\/aux2lacs54.fr\/wp-content\/uploads\/2022\/02\/Aux-2-lacs-HD.png","contentUrl":"https:\/\/aux2lacs54.fr\/wp-content\/uploads\/2022\/02\/Aux-2-lacs-HD.png","width":4000,"height":3986,"caption":"Aux 2 lacs 54"},"image":{"@id":"https:\/\/aux2lacs54.fr\/de\/#\/schema\/logo\/image\/"},"sameAs":["https:\/\/www.facebook.com\/aux2lacs54\/","https:\/\/www.youtube.com\/channel\/UCuk_gN6mwJiDxWt1EqBisAw\/videos"]}]}},"_links":{"self":[{"href":"https:\/\/aux2lacs54.fr\/de\/wp-json\/wp\/v2\/pages\/3037","targetHints":{"allow":["GET"]}}],"collection":[{"href":"https:\/\/aux2lacs54.fr\/de\/wp-json\/wp\/v2\/pages"}],"about":[{"href":"https:\/\/aux2lacs54.fr\/de\/wp-json\/wp\/v2\/types\/page"}],"author":[{"embeddable":true,"href":"https:\/\/aux2lacs54.fr\/de\/wp-json\/wp\/v2\/users\/1"}],"replies":[{"embeddable":true,"href":"https:\/\/aux2lacs54.fr\/de\/wp-json\/wp\/v2\/comments?post=3037"}],"version-history":[{"count":24,"href":"https:\/\/aux2lacs54.fr\/de\/wp-json\/wp\/v2\/pages\/3037\/revisions"}],"predecessor-version":[{"id":6511,"href":"https:\/\/aux2lacs54.fr\/de\/wp-json\/wp\/v2\/pages\/3037\/revisions\/6511"}],"wp:attachment":[{"href":"https:\/\/aux2lacs54.fr\/de\/wp-json\/wp\/v2\/media?parent=3037"}],"curies":[{"name":"wp","href":"https:\/\/api.w.org\/{rel}","templated":true}]}}