{"id":3061,"date":"2022-02-19T10:35:10","date_gmt":"2022-02-19T09:35:10","guid":{"rendered":"https:\/\/aux2lacs54.fr\/activities\/"},"modified":"2023-07-10T16:41:48","modified_gmt":"2023-07-10T14:41:48","slug":"activities","status":"publish","type":"page","link":"https:\/\/aux2lacs54.fr\/en\/activities\/","title":{"rendered":"Activities"},"content":{"rendered":"<div class=\"fusion-fullwidth fullwidth-box fusion-builder-row-1 fusion-flex-container nonhundred-percent-fullwidth non-hundred-percent-height-scrolling\" style=\"--link_hover_color: #3446d1;--link_color: #3366cc;--awb-border-radius-top-left:0px;--awb-border-radius-top-right:0px;--awb-border-radius-bottom-right:0px;--awb-border-radius-bottom-left:0px;--awb-flex-wrap:wrap;\" ><div class=\"fusion-builder-row fusion-row fusion-flex-align-items-flex-start fusion-flex-content-wrap\" style=\"max-width:1216.8px;margin-left: calc(-4% \/ 2 );margin-right: calc(-4% \/ 2 );\"><div class=\"fusion-layout-column fusion_builder_column fusion-builder-column-0 fusion_builder_column_1_2 1_2 fusion-flex-column\" style=\"--awb-padding-bottom:1px;--awb-bg-size:cover;--awb-width-large:50%;--awb-margin-top-large:0px;--awb-spacing-right-large:3.84%;--awb-margin-bottom-large:0px;--awb-spacing-left-large:3.84%;--awb-width-medium:100%;--awb-order-medium:0;--awb-spacing-right-medium:1.92%;--awb-spacing-left-medium:1.92%;--awb-width-small:100%;--awb-order-small:0;--awb-spacing-right-small:1.92%;--awb-spacing-left-small:1.92%;\"><div class=\"fusion-column-wrapper fusion-column-has-shadow fusion-flex-justify-content-flex-start fusion-content-layout-column\"><div class=\"fusion-title title fusion-title-1 fusion-title-text fusion-title-size-one\"><div class=\"title-sep-container title-sep-container-left fusion-no-large-visibility fusion-no-medium-visibility fusion-no-small-visibility\"><div class=\"title-sep sep- sep-solid\" style=\"border-color:#e0dede;\"><\/div><\/div><span class=\"awb-title-spacer fusion-no-large-visibility fusion-no-medium-visibility fusion-no-small-visibility\"><\/span><h1 class=\"fusion-title-heading title-heading-left fusion-responsive-typography-calculated\" style=\"margin:0;--fontSize:46;line-height:1.11;\"><h3><em>Sports, leisure and cultural activities<\/em><\/h3><\/h1><span class=\"awb-title-spacer\"><\/span><div class=\"title-sep-container title-sep-container-right\"><div class=\"title-sep sep- sep-solid\" style=\"border-color:#e0dede;\"><\/div><\/div><\/div><div class=\"fusion-text fusion-text-1\" style=\"--awb-text-transform:none;\"><p><strong>THE LAKES <\/strong><b><i><u><span style=\"color: rgb(0, 219, 3);\">( <\/span> <span style=\"color: rgb(0, 219, 3);\">emphasis added<\/span> <span style=\"color: rgb(0, 219, 3);\"> = <\/span><\/u><\/i> <i><u><span style=\"color: rgb(0, 219, 3);\">suitable for children<\/span> <span style=\"color: rgb(0, 219, 3);\">)<\/span> <br \/><\/u><\/i><\/b><\/p>\n<ul>\n<li><strong><a href=\"https:\/\/www.vosges-portes-alsace.fr\/nos-incontournables\/les-lacs-de-pierre-percee\/\"><em>Lac de Pierre-Perc\u00e9e***<\/em><\/a><\/strong> 5 minutes&#8217; walk: hiking, mountain biking, <strong><br \/>\n  <a href=\"https:\/\/www.peche-54.fr\/\"><em>fishing<\/em><\/a><em>,<\/em> <\/strong><a href=\"http:\/\/www.aventure-parc.fr\/\"><strong><em><u>Adventure park<\/u><\/em><\/strong><\/a><strong><em>,  <\/em><\/strong><a href=\"http:\/\/www.pierre-percee.mairie54.fr\/fr\/lac-de-pierre-percee-et-son-barrage.html\"><strong><em>Other information &amp; visits to the dam <\/em><\/strong><br \/>\n<\/a> <\/li>\n<li><strong><a href=\"https:\/\/www.vosges-portes-alsace.fr\/nos-incontournables\/les-lacs-de-pierre-percee\/\"><em>Lac de la Plaine<\/em><\/a> <\/strong>in CELLES SUR PLAINE, 5 min by car <strong>: <u><em><a href=\"https:\/\/www.paysdeslacs.com\/\">P\u00f4le Sport Nature &#8211; Leisure center<\/a><\/em><\/u>, <\/strong>water sports, canoeing, swimming,<u> games for children<\/u><\/li>\n<li><strong><u><a href=\"https:\/\/www.massif-des-vosges.fr\/sit\/940005090-lac-de-la-maix\/\"><em>Lac de la Maix<\/em><\/a> <\/u><\/strong>** in VEXAINCOURT 15 min by car (access restricted to cars from June 15 to September 15, 3-hour walk)<\/li>\n<\/ul>\n<p><strong>MASSIF DES VOSGES &#8211; NATURE OUTINGS <\/strong><\/p>\n<ul>\n<li><strong style=\"color: var(--awb-text-color); font-family: var(--awb-text-font-family); font-size: var(--awb-font-size); font-style: var(--awb-text-font-style); letter-spacing: var(--awb-letter-spacing); text-align: var(--awb-content-alignment); text-transform: var(--awb-text-transform); background-color: var(--awb-bg-color-hover);\">32 hiking trails<\/strong><span style=\"color: var(--awb-text-color); font-family: var(--awb-text-font-family); font-size: var(--awb-font-size); font-style: var(--awb-text-font-style); font-weight: var(--awb-text-font-weight); letter-spacing: var(--awb-letter-spacing); text-align: var(--awb-content-alignment); text-transform: var(--awb-text-transform); background-color: var(--awb-bg-color-hover);\">, <\/span><strong style=\"color: var(--awb-text-color); font-family: var(--awb-text-font-family); font-size: var(--awb-font-size); font-style: var(--awb-text-font-style); letter-spacing: var(--awb-letter-spacing); text-align: var(--awb-content-alignment); text-transform: var(--awb-text-transform); background-color: var(--awb-bg-color-hover);\"><em><a href=\"https:\/\/www.vosges-portes-alsace.fr\/nos-incontournables\/les-lacs-de-pierre-percee\/\">randos Pierre-Perc\u00e9e<\/a>, <a href=\"https:\/\/deodatie.com\/grp-deodatie-boucle-nord\/\">GRP D\u00e9odatie Boucle Nord<\/a>, <a href=\"https:\/\/www.lieux-insolites.fr\/cicatrice\/14-18\/coquin\/coquin.htm\">Unusual places<\/a>, <\/em><\/strong><i style=\"color: var(--awb-text-color); font-family: var(--awb-text-font-family); font-size: var(--awb-font-size); font-weight: var(--awb-text-font-weight); letter-spacing: var(--awb-letter-spacing); text-align: var(--awb-content-alignment); text-transform: var(--awb-text-transform); background-color: var(--awb-bg-color-hover);\"><u><b><a href=\"https:\/\/www.vosges-portes-alsace.fr\/fiches\/940004809-site-de-la-criquette\/\" target=\"_blank\" rel=\"noopener noreferrer\">La Criquette<\/a><\/b> (for children)<\/u><br \/>\n<\/i><\/li>\n<li><strong><a href=\"https:\/\/sitesvtt.ffc.fr\/sites\/raon-letape-pays-des-lacs-6\/?cn-reloaded=1\"><em>10 mountain bike trails<\/em><br \/>\n<\/a><em>the &#8221; <a href=\"http:\/\/lorraine.voie.verte.free.fr\/spip.php?article102\">voie verte de la Plaine&#8221; (Raon l&#8217;\u00e9tape -&gt; Donon)<br \/><\/a><\/em><\/strong><\/li>\n<li>Cycle touring :<strong><em><a href=\"https:\/\/www.bike.vosges.fr\/fr\/famille\/details\/33-voie-verte-de-la-vallee-de-la-plaine\">Valley of the Plain 27km<\/a>,<\/em><\/strong><em><a href=\"https:\/\/www.bike.vosges.fr\/fr\/famille\/details\/34-la-voie-verte-de-la-vallee-du-rabodeau\"><strong>Chemin des Abbayes 10km<\/strong><\/a><\/em><\/li>\n<li><strong><em><a href=\"https:\/\/www.massif-des-vosges.fr\/sit\/215000338-le-donon-montagne-sacree\/\">Col du Donon***<\/a><\/em><\/strong>25 min. away Altitude 1009 m, 360\u00b0 panorama Alsace &amp; Lorraine. Sacred site, Celtic remains<\/li>\n<li><strong><em><a href=\"http:\/\/www.recoin.fr\/tourisme\/voie+romaine+de+raon.htm\">Roman Ways<\/a><\/em><\/strong> in Raon-l\u00e8s-leau at 20 min<\/li>\n<li>Unusual places in <a href=\"https:\/\/www.lieux-insolites.fr\/vosges\/vosges.htm\"><i><b>Vosges<\/b><\/i><\/a><i> <\/i>in <a href=\"https:\/\/www.lieux-insolites.fr\/meurtmos\/meurtmos.htm\"><i><b>Meurthe &amp; Moselle<\/b><\/i><br \/>\n<\/a><\/li>\n<li><i>Agenda <a href=\"http:\/\/maisondelaforet-piemontvosgien.com\/\"><b><u>House of the forest<\/u><\/b><\/a><\/i>in SAINT-SAUVEUR<\/li>\n<li><i><u><a href=\"https:\/\/www.lesjardinsdecallunes.fr\/\"><b>Les jardins de Callunes<\/b><\/a><\/u> * <\/i>in Ban-de-Sapt<\/li>\n<\/ul>\n<p><strong>Cultural and military heritage<\/strong><\/p>\n<ul>\n<li><strong><em><a href=\"https:\/\/www.pierre-percee.mairie54.fr\/fr\/chateau-de-pierre-percee.html\" target=\"_blank\" rel=\"noopener noreferrer\">Vestiges of the Ch\u00e2teau de Pierre-Perc\u00e9e<\/a><\/em><\/strong>** 5 min. away on foot<\/li>\n<li><a href=\"https:\/\/www.vosges-portes-alsace.fr\/nos-incontournables\/vestiges-de-la-grande-guerre\/\"><strong><em>Vestiges of the Great War<\/em><\/strong><strong><em><br \/>\n<\/em><\/strong><\/a><\/p>\n<ul>\n<li>Hiking. &amp; memories : <i><a href=\"https:\/\/www.lieux-insolites.fr\/cicatrice\/14-18\/coquin\/coquin.htm\" target=\"_blank\" rel=\"noopener noreferrer\">Coquin, Pain de Sucre<\/a><\/i>, <i><a href=\"https:\/\/www.lieux-insolites.fr\/cicatrice\/14-18\/chapelotte\/chapelotte.htm\" target=\"_blank\" rel=\"noopener noreferrer\">Breadcrumbs<\/a><\/i>, <i><a href=\"https:\/\/www.vosges-portes-alsace.fr\/fiches\/940004785-circuit-de-la-grotte-des-poilus\/\" target=\"_blank\" rel=\"noopener noreferrer\">Cave of the Poilus<\/a><\/i><\/li>\n<li><a href=\"https:\/\/www.pierre-percee.mairie54.fr\/fr\/sentiers-de-memoire.html\"><em>Archives of the Commune of Pierre-Perc\u00e9e<\/em><\/a><\/li>\n<li><a href=\"CID%20%C3%A0%20Pierre-Perc%C3%A9e%20La%20Menelle%20Vid%C3%A9o\"><em>CID in Pierre-Perc\u00e9e La Menelle<\/em>,<\/a><a href=\"https:\/\/www.youtube.com\/watch?v=OlJ2zu3Azmg\">Video <\/a> <\/li>\n<li>Fresco Sartorio in the cemetery of PIERRE-PERCEE.<\/li>\n<li><strong><em><a href=\"http:\/\/www.sentier-des-passeurs.fr\/infospratiques.html\">Sentier des Passeurs<\/a><\/em><\/strong>* in SENONES MOUSSEY<\/li>\n<li><a href=\"https:\/\/aux2lacs54.fr\/en\/on-the-traces-of-the-english-parachutists-of-pierre-percee-1944\/\" target=\"_blank\" rel=\"noopener noreferrer\"><i>The English parachutists of Pierre-Perc\u00e9e 1944<\/i><\/a><\/li>\n<\/ul>\n<\/li>\n<\/ul>\n<ul>\n<li>15 minutes away : <a href=\"https:\/\/www.raonletape.fr\/index.php\/patrimoine.html\"><strong><em>RAON L&#8217;ETAPE<\/em><\/strong><\/a>*<\/li>\n<li>25 minutes away:\n<ul>\n<li><a href=\"http:\/\/www.ville-baccarat.com\/\"><br \/>\n  <strong><em>BACCARAT<\/em><\/strong><\/a><strong> <\/strong><b><a href=\"https:\/\/www.tourisme-lorraine.fr\/a-voir-a-faire\/visites\/musees\/742001708-musee-baccarat-baccarat\"><em>Cristallerie<\/em><\/a> **<\/b>, <a href=\"https:\/\/www.tourisme-lorraine.fr\/a-voir-a-faire\/visites\/sites-et-monuments\/742001493-eglise-moderne-saint-remy-de-baccarat-baccarat\">Saint-R\u00e9my church<\/a>, <a href=\"https:\/\/www.museehercule.com\/periodes-douvertures\"><br \/>\n  <em>Sources d&#8217;Hercule<\/em><br \/>\n<\/a><\/li>\n<li><a href=\"Pays%20des%20Abbayes%20SENONES,%20MOYENMOUTIER,%20ETIVAL\"><strong><em><\/em><\/strong><\/a><strong><em><a href=\"Phttp:\/\/paysdesabbayes.com\/\">Pays des Abbayes<\/a> * <\/em><\/strong>Senones, Moyenmoutier, Etival<\/li>\n<\/ul>\n<\/li>\n<\/ul>\n<ul>\n<li>30 minutes away:\n<ul>\n<li><strong><a href=\"https:\/\/www.massif-des-vosges.fr\/sit\/215000338-le-donon-montagne-sacree\/\"><em>LE DONON *** &#8211; Sacred Donon Mountain<\/em><\/a><\/strong><\/li>\n<li><a href=\"https:\/\/www.saint-die.eu\/\"><strong><em>SAINT-DIE<\/em><\/strong><br \/>\n<\/a> &#8211; <b><i><a href=\"http:\/\/aquanova-america.fr\/\">Water Park<\/a> &#8211; <a href=\"https:\/\/saint-die.eu\/decouvrir-la-ville\/camp-celtique-de-la-bure\">La Bure Celtic Camp<\/a> &#8211; <a href=\"https:\/\/www.ca-saintdie.fr\/decouvrir\/musee-pierre-noel\">MUSEUM<\/a><\/i><br \/>\n<\/b><\/li>\n<li><em><a href=\"https:\/\/www.memorial-alsace-moselle.com\/\"><strong>SCHIRMECK MUSEE* Memorial Alsace-Moselle<\/strong><\/a><\/em><\/li>\n<li><a href=\"https:\/\/www.villagedulivre54.fr\/\"><strong><em>Fontenoy la joute<\/em><\/strong><\/a>* Book village<\/li>\n<\/ul>\n<\/li>\n<li>40 minutes away:\n<ul>\n<li><strong><em><a href=\"https:\/\/luneville.fr\/\">LUNEVILLE*<\/a><\/em><br \/>\n<\/strong>Ch\u00e2teau, Abbatial Museum Hotel<\/li>\n<li><a href=\"https:\/\/www.fraispertuis-city.fr\/\"><strong><em><u>Fraispertuis City<\/u><\/em><\/strong><\/a>Rambervillers leisure park<\/li>\n<li><a href=\"https:\/\/www.youtube.com\/watch?v=hoCTHDrP7ZE&amp;t=30s\" target=\"_blank\" rel=\"noopener noreferrer\"><b><i>Abbey Notre-Dame d&#8217;Autrey<\/i><\/b><\/a> Rambervillers<\/li>\n<li><i><b><a href=\"https:\/\/www.struthof.fr\/\">Natzwiller concentration camp<\/a><\/b><\/i>&#8211; Struthof  <\/li>\n<\/ul>\n<\/li>\n<li>At 1 hour &amp; more :\n<ul>\n<li><strong><em><a href=\"https:\/\/parcsaintecroix.com\/fr\"><u>Animal park of Sainte Croix<\/u><\/a><\/em><\/strong> at 1 h<\/li>\n<li><strong><\/strong><a href=\"https:\/\/www.nancy-tourisme.fr\/\"><strong><em>Nancy<\/em><\/strong><\/a>1h10 away <i><a href=\"https:\/\/generationvoyage.fr\/visiter-nancy-faire-voir\/\">(must see<\/a><\/i>)<\/li>\n<li><u><strong><em><a href=\"https:\/\/www.haut-koenigsbourg.fr\/fr\/\">Castle of Haut-Koenigsbourg<\/a><\/em><\/strong>, <strong><em><a href=\"https:\/\/www.montagnedessinges.com\/\">Monkey Mountain<\/a><\/em><\/strong>, <strong><em><a href=\"https:\/\/www.voleriedesaigles.com\/fr\">Eagle&#8217;s flight<\/a>, <a href=\"https:\/\/cigoland.fr\/\">Cigoland <\/a><\/em><\/strong><\/u>to Kintzheim at 1h10<\/li>\n<li><strong><em><a href=\"https:\/\/www.tourisme-colmar.com\/fr\/\">COLMAR<\/a><\/em><\/strong> 1h30 away<\/li>\n<li><strong><em><a href=\"https:\/\/www.visitstrasbourg.fr\/\">STRASBOURG<\/a><\/em><\/strong>1h30 away<\/li>\n<li><u><a href=\"https:\/\/www.europapark.de\/fr\"><strong><em>Europa Park<\/em><\/strong><\/a><\/u>in RUST, 2 hours away in Germany, elected 7 times best amusement park in the world<\/li>\n<\/ul>\n<\/li>\n<\/ul>\n<\/div><\/div><\/div><div class=\"fusion-layout-column fusion_builder_column fusion-builder-column-1 fusion_builder_column_1_2 1_2 fusion-flex-column\" style=\"--awb-bg-size:cover;--awb-width-large:50%;--awb-margin-top-large:0px;--awb-spacing-right-large:3.84%;--awb-margin-bottom-large:20px;--awb-spacing-left-large:3.84%;--awb-width-medium:100%;--awb-order-medium:0;--awb-spacing-right-medium:1.92%;--awb-spacing-left-medium:1.92%;--awb-width-small:100%;--awb-order-small:0;--awb-spacing-right-small:1.92%;--awb-spacing-left-small:1.92%;\"><div class=\"fusion-column-wrapper fusion-column-has-shadow fusion-flex-justify-content-flex-start fusion-content-layout-column\"><div class=\"fusion-text fusion-text-2\" style=\"--awb-text-transform:none;\"><h3 style=\"text-align: center;\"><a href=\"https:\/\/www.vosges-portes-alsace.fr\/fr\/P-2-decouvrir_la_destination.php\"><em>Tourist office<\/em><\/a><\/h3>\n<\/div><div class=\"fusion-image-element \" style=\"text-align:center;--awb-caption-title-font-family:var(--h2_typography-font-family);--awb-caption-title-font-weight:var(--h2_typography-font-weight);--awb-caption-title-font-style:var(--h2_typography-font-style);--awb-caption-title-size:var(--h2_typography-font-size);--awb-caption-title-transform:var(--h2_typography-text-transform);--awb-caption-title-line-height:var(--h2_typography-line-height);--awb-caption-title-letter-spacing:var(--h2_typography-letter-spacing);\"><span class=\" fusion-imageframe imageframe-none imageframe-1 hover-type-none\"><a class=\"fusion-no-lightbox\" href=\"https:\/\/www.vosges-portes-alsace.fr\/fr\/P-2-decouvrir_la_destination.php\" target=\"_blank\" aria-label=\"office de tourisme\" rel=\"noopener noreferrer\"><img decoding=\"async\" width=\"400\" height=\"184\" alt=\"Maison d&#039;h\u00f4tes AUX2LACS Pierre-Perc\u00e9e Vosges\" src=\"https:\/\/aux2lacs54.fr\/wp-content\/uploads\/2022\/02\/OT.jpg\" data-orig-src=\"https:\/\/aux2lacs54.fr\/wp-content\/uploads\/2022\/02\/OT-400x184.jpg\" class=\"lazyload img-responsive wp-image-2939\" srcset=\"data:image\/svg+xml,%3Csvg%20xmlns%3D%27http%3A%2F%2Fwww.w3.org%2F2000%2Fsvg%27%20width%3D%27537%27%20height%3D%27247%27%20viewBox%3D%270%200%20537%20247%27%3E%3Crect%20width%3D%27537%27%20height%3D%27247%27%20fill-opacity%3D%220%22%2F%3E%3C%2Fsvg%3E\" data-srcset=\"https:\/\/aux2lacs54.fr\/wp-content\/uploads\/2022\/02\/OT-200x92.jpg 200w, https:\/\/aux2lacs54.fr\/wp-content\/uploads\/2022\/02\/OT-400x184.jpg 400w, https:\/\/aux2lacs54.fr\/wp-content\/uploads\/2022\/02\/OT.jpg 537w\" data-sizes=\"auto\" data-orig-sizes=\"(max-width: 1024px) 100vw, (max-width: 640px) 100vw, 400px\" \/><\/a><\/span><\/div><div class=\"fusion-text fusion-text-3\" style=\"--awb-text-transform:none;\"><p style=\"text-align: left;\"><em><strong><a href=\"https:\/\/www.vosges-portes-alsace.fr\/itineraires-circuits\/\">itineraries-circuits<\/a><\/strong> pedestrian &amp; bicycle<\/em><\/p>\n<p><em><strong><a href=\"https:\/\/www.vosges-portes-alsace.fr\/lagenda\/\">Clic Tourisme agenda<\/a><\/strong><\/em> : ideas for outings, events, cinemas, media libraries, exhibitions and the many activities<\/p>\n<\/div><div class=\"fusion-text fusion-text-4\" style=\"--awb-text-transform:none;\"><h3 style=\"text-align: center;\"><a href=\"https:\/\/www.ecotourisme-akm.fr\/\"><em>Ecotourism AKM<\/em><\/a><\/h3>\n<\/div><div class=\"fusion-image-element \" style=\"text-align:center;--awb-caption-title-font-family:var(--h2_typography-font-family);--awb-caption-title-font-weight:var(--h2_typography-font-weight);--awb-caption-title-font-style:var(--h2_typography-font-style);--awb-caption-title-size:var(--h2_typography-font-size);--awb-caption-title-transform:var(--h2_typography-text-transform);--awb-caption-title-line-height:var(--h2_typography-line-height);--awb-caption-title-letter-spacing:var(--h2_typography-letter-spacing);\"><span class=\" fusion-imageframe imageframe-none imageframe-2 hover-type-none\"><a class=\"fusion-no-lightbox\" href=\"https:\/\/www.ecotourisme-akm.fr\/\" target=\"_blank\" aria-label=\"AKM\" rel=\"noopener noreferrer\"><img decoding=\"async\" width=\"194\" height=\"194\" src=\"data:image\/svg+xml,%3Csvg%20xmlns%3D%27http%3A%2F%2Fwww.w3.org%2F2000%2Fsvg%27%20width%3D%27194%27%20height%3D%27194%27%20viewBox%3D%270%200%20194%20194%27%3E%3Crect%20width%3D%27194%27%20height%3D%27194%27%20fill-opacity%3D%220%22%2F%3E%3C%2Fsvg%3E\" data-orig-src=\"https:\/\/aux2lacs54.fr\/wp-content\/uploads\/2023\/03\/AKM.jpg\" alt class=\"lazyload img-responsive wp-image-5228\"\/><\/a><\/span><\/div><div class=\"fusion-text fusion-text-5\" style=\"--awb-text-transform:none;\"><h3 style=\"text-align: center;\"><a href=\"https:\/\/www.paysdeslacs.com\/parc-de-loisirs\/\" target=\"_blank\" rel=\"noopener\"><em>Water sports center at 5 km<\/em><\/a><\/h3>\n<\/div><div class=\"fusion-image-element \" style=\"text-align:center;--awb-caption-title-font-family:var(--h2_typography-font-family);--awb-caption-title-font-weight:var(--h2_typography-font-weight);--awb-caption-title-font-style:var(--h2_typography-font-style);--awb-caption-title-size:var(--h2_typography-font-size);--awb-caption-title-transform:var(--h2_typography-text-transform);--awb-caption-title-line-height:var(--h2_typography-line-height);--awb-caption-title-letter-spacing:var(--h2_typography-letter-spacing);\"><span class=\" fusion-imageframe imageframe-none imageframe-3 hover-type-none\"><a class=\"fusion-no-lightbox\" href=\"https:\/\/www.paysdeslacs.com\/parc-de-loisirs\/\" target=\"_blank\" aria-label=\"base de loisirs nautiques\" rel=\"noopener noreferrer\"><img decoding=\"async\" width=\"400\" height=\"199\" src=\"https:\/\/aux2lacs54.fr\/wp-content\/uploads\/2022\/02\/base-loisir.jpg\" data-orig-src=\"https:\/\/aux2lacs54.fr\/wp-content\/uploads\/2022\/02\/base-loisir-400x199.jpg\" alt class=\"lazyload img-responsive wp-image-2933\" srcset=\"data:image\/svg+xml,%3Csvg%20xmlns%3D%27http%3A%2F%2Fwww.w3.org%2F2000%2Fsvg%27%20width%3D%271584%27%20height%3D%27789%27%20viewBox%3D%270%200%201584%20789%27%3E%3Crect%20width%3D%271584%27%20height%3D%27789%27%20fill-opacity%3D%220%22%2F%3E%3C%2Fsvg%3E\" data-srcset=\"https:\/\/aux2lacs54.fr\/wp-content\/uploads\/2022\/02\/base-loisir-200x100.jpg 200w, https:\/\/aux2lacs54.fr\/wp-content\/uploads\/2022\/02\/base-loisir-400x199.jpg 400w, https:\/\/aux2lacs54.fr\/wp-content\/uploads\/2022\/02\/base-loisir-600x299.jpg 600w, https:\/\/aux2lacs54.fr\/wp-content\/uploads\/2022\/02\/base-loisir-800x398.jpg 800w, https:\/\/aux2lacs54.fr\/wp-content\/uploads\/2022\/02\/base-loisir-1200x598.jpg 1200w, https:\/\/aux2lacs54.fr\/wp-content\/uploads\/2022\/02\/base-loisir.jpg 1584w\" data-sizes=\"auto\" data-orig-sizes=\"(max-width: 1024px) 100vw, (max-width: 640px) 100vw, 600px\" \/><\/a><\/span><\/div><div class=\"fusion-text fusion-text-6\" style=\"--awb-text-transform:none;\"><h3 style=\"text-align: center;\"><a href=\"https:\/\/www.paysdeslacs.com\/aventure-parc\/\" target=\"_blank\" rel=\"noopener\"><em>Adventure Park at 9 km<\/em><\/a><\/h3>\n<\/div><div class=\"fusion-image-element \" style=\"text-align:center;--awb-caption-title-font-family:var(--h2_typography-font-family);--awb-caption-title-font-weight:var(--h2_typography-font-weight);--awb-caption-title-font-style:var(--h2_typography-font-style);--awb-caption-title-size:var(--h2_typography-font-size);--awb-caption-title-transform:var(--h2_typography-text-transform);--awb-caption-title-line-height:var(--h2_typography-line-height);--awb-caption-title-letter-spacing:var(--h2_typography-letter-spacing);\"><span class=\" fusion-imageframe imageframe-none imageframe-4 hover-type-none\"><a class=\"fusion-no-lightbox\" href=\"https:\/\/www.paysdeslacs.com\/aventure-parc\/\" target=\"_blank\" aria-label=\"aventure parc\" rel=\"noopener noreferrer\"><img decoding=\"async\" width=\"501\" height=\"265\" src=\"https:\/\/aux2lacs54.fr\/wp-content\/uploads\/2022\/08\/aventure-parc.jpg\" data-orig-src=\"https:\/\/aux2lacs54.fr\/wp-content\/uploads\/2022\/08\/aventure-parc.jpg\" alt class=\"lazyload img-responsive wp-image-4330\" srcset=\"data:image\/svg+xml,%3Csvg%20xmlns%3D%27http%3A%2F%2Fwww.w3.org%2F2000%2Fsvg%27%20width%3D%27501%27%20height%3D%27265%27%20viewBox%3D%270%200%20501%20265%27%3E%3Crect%20width%3D%27501%27%20height%3D%27265%27%20fill-opacity%3D%220%22%2F%3E%3C%2Fsvg%3E\" data-srcset=\"https:\/\/aux2lacs54.fr\/wp-content\/uploads\/2022\/08\/aventure-parc-200x106.jpg 200w, https:\/\/aux2lacs54.fr\/wp-content\/uploads\/2022\/08\/aventure-parc-400x212.jpg 400w, https:\/\/aux2lacs54.fr\/wp-content\/uploads\/2022\/08\/aventure-parc.jpg 501w\" data-sizes=\"auto\" data-orig-sizes=\"(max-width: 1024px) 100vw, (max-width: 640px) 100vw, 501px\" \/><\/a><\/span><\/div><div class=\"fusion-text fusion-text-7\" style=\"--awb-text-transform:none;\"><h3 style=\"text-align: center;\"><a href=\"https:\/\/www.paysdeslacs.com\/location-canoe-pierre-percee\/\" target=\"_blank\" rel=\"noopener\"><em>Canoe rental at 9 km<\/em><\/a><\/h3>\n<\/div><div class=\"fusion-image-element \" style=\"text-align:center;--awb-caption-title-font-family:var(--h2_typography-font-family);--awb-caption-title-font-weight:var(--h2_typography-font-weight);--awb-caption-title-font-style:var(--h2_typography-font-style);--awb-caption-title-size:var(--h2_typography-font-size);--awb-caption-title-transform:var(--h2_typography-text-transform);--awb-caption-title-line-height:var(--h2_typography-line-height);--awb-caption-title-letter-spacing:var(--h2_typography-letter-spacing);\"><span class=\" fusion-imageframe imageframe-none imageframe-5 hover-type-none\"><a class=\"fusion-no-lightbox\" href=\"https:\/\/www.paysdeslacs.com\/location-canoe-pierre-percee\/\" target=\"_blank\" aria-label=\"Location canoe Pierre-Perc\u00e9e\" rel=\"noopener noreferrer\"><img decoding=\"async\" width=\"600\" height=\"307\" src=\"https:\/\/aux2lacs54.fr\/wp-content\/uploads\/2022\/07\/Capture.jpg\" data-orig-src=\"https:\/\/aux2lacs54.fr\/wp-content\/uploads\/2022\/07\/Capture-600x307.jpg\" alt class=\"lazyload img-responsive wp-image-3002\" srcset=\"data:image\/svg+xml,%3Csvg%20xmlns%3D%27http%3A%2F%2Fwww.w3.org%2F2000%2Fsvg%27%20width%3D%271703%27%20height%3D%27870%27%20viewBox%3D%270%200%201703%20870%27%3E%3Crect%20width%3D%271703%27%20height%3D%27870%27%20fill-opacity%3D%220%22%2F%3E%3C%2Fsvg%3E\" data-srcset=\"https:\/\/aux2lacs54.fr\/wp-content\/uploads\/2022\/07\/Capture-200x102.jpg 200w, https:\/\/aux2lacs54.fr\/wp-content\/uploads\/2022\/07\/Capture-400x204.jpg 400w, https:\/\/aux2lacs54.fr\/wp-content\/uploads\/2022\/07\/Capture-600x307.jpg 600w, https:\/\/aux2lacs54.fr\/wp-content\/uploads\/2022\/07\/Capture-800x409.jpg 800w, https:\/\/aux2lacs54.fr\/wp-content\/uploads\/2022\/07\/Capture-1200x613.jpg 1200w, https:\/\/aux2lacs54.fr\/wp-content\/uploads\/2022\/07\/Capture.jpg 1703w\" data-sizes=\"auto\" data-orig-sizes=\"(max-width: 1024px) 100vw, (max-width: 640px) 100vw, 600px\" \/><\/a><\/span><\/div><div class=\"fusion-text fusion-text-8\" style=\"--awb-text-transform:none;\"><h3 style=\"text-align: center;\">Bike rental Tourism<\/h3>\n<h3><\/h3>\n<\/div><div class=\"fusion-image-element \" style=\"text-align:center;--awb-caption-title-font-family:var(--h2_typography-font-family);--awb-caption-title-font-weight:var(--h2_typography-font-weight);--awb-caption-title-font-style:var(--h2_typography-font-style);--awb-caption-title-size:var(--h2_typography-font-size);--awb-caption-title-transform:var(--h2_typography-text-transform);--awb-caption-title-line-height:var(--h2_typography-line-height);--awb-caption-title-letter-spacing:var(--h2_typography-letter-spacing);\"><span class=\" fusion-imageframe imageframe-none imageframe-6 hover-type-none\"><a class=\"fusion-no-lightbox\" href=\"https:\/\/www.vosges-portes-alsace.fr\/fr\/P-2-decouvrir_la_destination.php\" target=\"_blank\" aria-label=\"location velo Pierre-Percee\" rel=\"noopener noreferrer\"><img decoding=\"async\" width=\"600\" height=\"338\" src=\"https:\/\/aux2lacs54.fr\/wp-content\/uploads\/2022\/07\/velo.jpg\" data-orig-src=\"https:\/\/aux2lacs54.fr\/wp-content\/uploads\/2022\/07\/velo-600x338.jpg\" alt class=\"lazyload img-responsive wp-image-3008\" srcset=\"data:image\/svg+xml,%3Csvg%20xmlns%3D%27http%3A%2F%2Fwww.w3.org%2F2000%2Fsvg%27%20width%3D%271280%27%20height%3D%27720%27%20viewBox%3D%270%200%201280%20720%27%3E%3Crect%20width%3D%271280%27%20height%3D%27720%27%20fill-opacity%3D%220%22%2F%3E%3C%2Fsvg%3E\" data-srcset=\"https:\/\/aux2lacs54.fr\/wp-content\/uploads\/2022\/07\/velo-200x113.jpg 200w, https:\/\/aux2lacs54.fr\/wp-content\/uploads\/2022\/07\/velo-400x225.jpg 400w, https:\/\/aux2lacs54.fr\/wp-content\/uploads\/2022\/07\/velo-600x338.jpg 600w, https:\/\/aux2lacs54.fr\/wp-content\/uploads\/2022\/07\/velo-800x450.jpg 800w, https:\/\/aux2lacs54.fr\/wp-content\/uploads\/2022\/07\/velo-1200x675.jpg 1200w, https:\/\/aux2lacs54.fr\/wp-content\/uploads\/2022\/07\/velo.jpg 1280w\" data-sizes=\"auto\" data-orig-sizes=\"(max-width: 1024px) 100vw, (max-width: 640px) 100vw, 600px\" \/><\/a><\/span><\/div><div class=\"fusion-text fusion-text-9\" style=\"--awb-text-transform:none;\"><ul>\n<li style=\"text-align: left;\"><strong>Camping des Lacs***<\/strong>: 03 29 41 28 00 (only until 15\/9)\n<ul>\n<li>electric bike 30\u20ac 1\/2 day and 50\u20ac a day &#8211; Non electric 10\u20ac 1\/2 day, 16\u20ac a day<\/li>\n<\/ul>\n<\/li>\n<li style=\"text-align: left;\"><strong><a href=\"https:\/\/www.ecotourisme-akm.fr\/l-association\/location-vtt-vae-et-produits-en-vente\/\" target=\"_blank\" rel=\"noopener\">Ecotourisle-AKM<\/a><em>,<\/em> (September 2023 on Raon-l&#8217;\u00e9tape at 12km)<\/strong><\/li>\n<\/ul>\n<\/div><div class=\"fusion-text fusion-text-10\" style=\"--awb-text-transform:none;\"><h3 style=\"text-align: center;\">Around the lake<\/h3>\n<h3><\/h3>\n<\/div><div class=\"fusion-image-element \" style=\"text-align:center;--awb-caption-title-font-family:var(--h2_typography-font-family);--awb-caption-title-font-weight:var(--h2_typography-font-weight);--awb-caption-title-font-style:var(--h2_typography-font-style);--awb-caption-title-size:var(--h2_typography-font-size);--awb-caption-title-transform:var(--h2_typography-text-transform);--awb-caption-title-line-height:var(--h2_typography-line-height);--awb-caption-title-letter-spacing:var(--h2_typography-letter-spacing);\"><span class=\" fusion-imageframe imageframe-none imageframe-7 hover-type-none\"><a class=\"fusion-no-lightbox\" href=\"https:\/\/www.vosges-portes-alsace.fr\/fr\/P-2-decouvrir_la_destination.php\" target=\"_blank\" aria-label=\"Plan d&#8217;acc\u00e8s \u00e0 Pierre Perc\u00e9e\" rel=\"noopener noreferrer\"><img decoding=\"async\" width=\"400\" height=\"528\" src=\"https:\/\/aux2lacs54.fr\/wp-content\/uploads\/2022\/02\/PLAN-ACCES-PIERRE-PERCEE.jpg\" data-orig-src=\"https:\/\/aux2lacs54.fr\/wp-content\/uploads\/2022\/02\/PLAN-ACCES-PIERRE-PERCEE-400x528.jpg\" alt class=\"lazyload img-responsive wp-image-2927\" srcset=\"data:image\/svg+xml,%3Csvg%20xmlns%3D%27http%3A%2F%2Fwww.w3.org%2F2000%2Fsvg%27%20width%3D%27550%27%20height%3D%27726%27%20viewBox%3D%270%200%20550%20726%27%3E%3Crect%20width%3D%27550%27%20height%3D%27726%27%20fill-opacity%3D%220%22%2F%3E%3C%2Fsvg%3E\" data-srcset=\"https:\/\/aux2lacs54.fr\/wp-content\/uploads\/2022\/02\/PLAN-ACCES-PIERRE-PERCEE-200x264.jpg 200w, https:\/\/aux2lacs54.fr\/wp-content\/uploads\/2022\/02\/PLAN-ACCES-PIERRE-PERCEE-400x528.jpg 400w, https:\/\/aux2lacs54.fr\/wp-content\/uploads\/2022\/02\/PLAN-ACCES-PIERRE-PERCEE.jpg 550w\" data-sizes=\"auto\" data-orig-sizes=\"(max-width: 1024px) 100vw, (max-width: 640px) 100vw, 400px\" \/><\/a><\/span><\/div><\/div><\/div><\/div><\/div>\n","protected":false},"excerpt":{"rendered":"","protected":false},"author":1,"featured_media":0,"parent":0,"menu_order":0,"comment_status":"closed","ping_status":"closed","template":"","meta":{"footnotes":""},"class_list":["post-3061","page","type-page","status-publish","hentry"],"yoast_head":"<!-- This site is optimized with the Yoast SEO plugin v27.5 - https:\/\/yoast.com\/product\/yoast-seo-wordpress\/ -->\n<title>Activities - AUX 2 LACS<\/title>\n<meta name=\"robots\" content=\"index, follow, max-snippet:-1, max-image-preview:large, max-video-preview:-1\" \/>\n<link rel=\"canonical\" href=\"https:\/\/aux2lacs54.fr\/en\/activities\/\" \/>\n<meta property=\"og:locale\" content=\"en_US\" \/>\n<meta property=\"og:type\" content=\"article\" \/>\n<meta property=\"og:title\" content=\"Activities - AUX 2 LACS\" \/>\n<meta property=\"og:url\" content=\"https:\/\/aux2lacs54.fr\/en\/activities\/\" \/>\n<meta property=\"og:site_name\" content=\"AUX 2 LACS\" \/>\n<meta property=\"article:publisher\" content=\"https:\/\/www.facebook.com\/aux2lacs54\/\" \/>\n<meta property=\"article:modified_time\" content=\"2023-07-10T14:41:48+00:00\" \/>\n<meta name=\"twitter:card\" content=\"summary_large_image\" \/>\n<meta name=\"twitter:label1\" content=\"Est. reading time\" \/>\n\t<meta name=\"twitter:data1\" content=\"8 minutes\" \/>\n<script type=\"application\/ld+json\" class=\"yoast-schema-graph\">{\"@context\":\"https:\\\/\\\/schema.org\",\"@graph\":[{\"@type\":\"WebPage\",\"@id\":\"https:\\\/\\\/aux2lacs54.fr\\\/en\\\/activities\\\/\",\"url\":\"https:\\\/\\\/aux2lacs54.fr\\\/en\\\/activities\\\/\",\"name\":\"Activities - AUX 2 LACS\",\"isPartOf\":{\"@id\":\"https:\\\/\\\/aux2lacs54.fr\\\/en\\\/#website\"},\"datePublished\":\"2022-02-19T09:35:10+00:00\",\"dateModified\":\"2023-07-10T14:41:48+00:00\",\"breadcrumb\":{\"@id\":\"https:\\\/\\\/aux2lacs54.fr\\\/en\\\/activities\\\/#breadcrumb\"},\"inLanguage\":\"en-US\",\"potentialAction\":[{\"@type\":\"ReadAction\",\"target\":[\"https:\\\/\\\/aux2lacs54.fr\\\/en\\\/activities\\\/\"]}]},{\"@type\":\"BreadcrumbList\",\"@id\":\"https:\\\/\\\/aux2lacs54.fr\\\/en\\\/activities\\\/#breadcrumb\",\"itemListElement\":[{\"@type\":\"ListItem\",\"position\":1,\"name\":\"Accueil\",\"item\":\"https:\\\/\\\/aux2lacs54.fr\\\/en\\\/\"},{\"@type\":\"ListItem\",\"position\":2,\"name\":\"Activities\"}]},{\"@type\":\"WebSite\",\"@id\":\"https:\\\/\\\/aux2lacs54.fr\\\/en\\\/#website\",\"url\":\"https:\\\/\\\/aux2lacs54.fr\\\/en\\\/\",\"name\":\"AUX 2 LACS\",\"description\":\"Chambres d&#039;H\u00f4tes, Location de G\u00eete, Piscine, Vosges, Meurthe-et-Moselle\",\"publisher\":{\"@id\":\"https:\\\/\\\/aux2lacs54.fr\\\/en\\\/#organization\"},\"potentialAction\":[{\"@type\":\"SearchAction\",\"target\":{\"@type\":\"EntryPoint\",\"urlTemplate\":\"https:\\\/\\\/aux2lacs54.fr\\\/en\\\/?s={search_term_string}\"},\"query-input\":{\"@type\":\"PropertyValueSpecification\",\"valueRequired\":true,\"valueName\":\"search_term_string\"}}],\"inLanguage\":\"en-US\"},{\"@type\":\"Organization\",\"@id\":\"https:\\\/\\\/aux2lacs54.fr\\\/en\\\/#organization\",\"name\":\"Aux 2 lacs 54\",\"url\":\"https:\\\/\\\/aux2lacs54.fr\\\/en\\\/\",\"logo\":{\"@type\":\"ImageObject\",\"inLanguage\":\"en-US\",\"@id\":\"https:\\\/\\\/aux2lacs54.fr\\\/en\\\/#\\\/schema\\\/logo\\\/image\\\/\",\"url\":\"https:\\\/\\\/aux2lacs54.fr\\\/wp-content\\\/uploads\\\/2022\\\/02\\\/Aux-2-lacs-HD.png\",\"contentUrl\":\"https:\\\/\\\/aux2lacs54.fr\\\/wp-content\\\/uploads\\\/2022\\\/02\\\/Aux-2-lacs-HD.png\",\"width\":4000,\"height\":3986,\"caption\":\"Aux 2 lacs 54\"},\"image\":{\"@id\":\"https:\\\/\\\/aux2lacs54.fr\\\/en\\\/#\\\/schema\\\/logo\\\/image\\\/\"},\"sameAs\":[\"https:\\\/\\\/www.facebook.com\\\/aux2lacs54\\\/\",\"https:\\\/\\\/www.youtube.com\\\/channel\\\/UCuk_gN6mwJiDxWt1EqBisAw\\\/videos\"]}]}<\/script>\n<!-- \/ Yoast SEO plugin. -->","yoast_head_json":{"title":"Activities - AUX 2 LACS","robots":{"index":"index","follow":"follow","max-snippet":"max-snippet:-1","max-image-preview":"max-image-preview:large","max-video-preview":"max-video-preview:-1"},"canonical":"https:\/\/aux2lacs54.fr\/en\/activities\/","og_locale":"en_US","og_type":"article","og_title":"Activities - AUX 2 LACS","og_url":"https:\/\/aux2lacs54.fr\/en\/activities\/","og_site_name":"AUX 2 LACS","article_publisher":"https:\/\/www.facebook.com\/aux2lacs54\/","article_modified_time":"2023-07-10T14:41:48+00:00","twitter_card":"summary_large_image","twitter_misc":{"Est. reading time":"8 minutes"},"schema":{"@context":"https:\/\/schema.org","@graph":[{"@type":"WebPage","@id":"https:\/\/aux2lacs54.fr\/en\/activities\/","url":"https:\/\/aux2lacs54.fr\/en\/activities\/","name":"Activities - AUX 2 LACS","isPartOf":{"@id":"https:\/\/aux2lacs54.fr\/en\/#website"},"datePublished":"2022-02-19T09:35:10+00:00","dateModified":"2023-07-10T14:41:48+00:00","breadcrumb":{"@id":"https:\/\/aux2lacs54.fr\/en\/activities\/#breadcrumb"},"inLanguage":"en-US","potentialAction":[{"@type":"ReadAction","target":["https:\/\/aux2lacs54.fr\/en\/activities\/"]}]},{"@type":"BreadcrumbList","@id":"https:\/\/aux2lacs54.fr\/en\/activities\/#breadcrumb","itemListElement":[{"@type":"ListItem","position":1,"name":"Accueil","item":"https:\/\/aux2lacs54.fr\/en\/"},{"@type":"ListItem","position":2,"name":"Activities"}]},{"@type":"WebSite","@id":"https:\/\/aux2lacs54.fr\/en\/#website","url":"https:\/\/aux2lacs54.fr\/en\/","name":"AUX 2 LACS","description":"Chambres d&#039;H\u00f4tes, Location de G\u00eete, Piscine, Vosges, Meurthe-et-Moselle","publisher":{"@id":"https:\/\/aux2lacs54.fr\/en\/#organization"},"potentialAction":[{"@type":"SearchAction","target":{"@type":"EntryPoint","urlTemplate":"https:\/\/aux2lacs54.fr\/en\/?s={search_term_string}"},"query-input":{"@type":"PropertyValueSpecification","valueRequired":true,"valueName":"search_term_string"}}],"inLanguage":"en-US"},{"@type":"Organization","@id":"https:\/\/aux2lacs54.fr\/en\/#organization","name":"Aux 2 lacs 54","url":"https:\/\/aux2lacs54.fr\/en\/","logo":{"@type":"ImageObject","inLanguage":"en-US","@id":"https:\/\/aux2lacs54.fr\/en\/#\/schema\/logo\/image\/","url":"https:\/\/aux2lacs54.fr\/wp-content\/uploads\/2022\/02\/Aux-2-lacs-HD.png","contentUrl":"https:\/\/aux2lacs54.fr\/wp-content\/uploads\/2022\/02\/Aux-2-lacs-HD.png","width":4000,"height":3986,"caption":"Aux 2 lacs 54"},"image":{"@id":"https:\/\/aux2lacs54.fr\/en\/#\/schema\/logo\/image\/"},"sameAs":["https:\/\/www.facebook.com\/aux2lacs54\/","https:\/\/www.youtube.com\/channel\/UCuk_gN6mwJiDxWt1EqBisAw\/videos"]}]}},"_links":{"self":[{"href":"https:\/\/aux2lacs54.fr\/en\/wp-json\/wp\/v2\/pages\/3061","targetHints":{"allow":["GET"]}}],"collection":[{"href":"https:\/\/aux2lacs54.fr\/en\/wp-json\/wp\/v2\/pages"}],"about":[{"href":"https:\/\/aux2lacs54.fr\/en\/wp-json\/wp\/v2\/types\/page"}],"author":[{"embeddable":true,"href":"https:\/\/aux2lacs54.fr\/en\/wp-json\/wp\/v2\/users\/1"}],"replies":[{"embeddable":true,"href":"https:\/\/aux2lacs54.fr\/en\/wp-json\/wp\/v2\/comments?post=3061"}],"version-history":[{"count":23,"href":"https:\/\/aux2lacs54.fr\/en\/wp-json\/wp\/v2\/pages\/3061\/revisions"}],"predecessor-version":[{"id":5999,"href":"https:\/\/aux2lacs54.fr\/en\/wp-json\/wp\/v2\/pages\/3061\/revisions\/5999"}],"wp:attachment":[{"href":"https:\/\/aux2lacs54.fr\/en\/wp-json\/wp\/v2\/media?parent=3061"}],"curies":[{"name":"wp","href":"https:\/\/api.w.org\/{rel}","templated":true}]}}